{"id":1788,"date":"2026-02-17T09:00:18","date_gmt":"2026-02-17T08:00:18","guid":{"rendered":"https:\/\/www.in4care.be\/?post_type=evenement&#038;p=1788"},"modified":"2026-04-03T16:06:38","modified_gmt":"2026-04-03T14:06:38","slug":"entr-future-health","status":"publish","type":"evenement","link":"https:\/\/www.in4care.be\/fr\/evenement\/entr-future-health\/","title":{"rendered":"ENTR. FUTURE. HEALTH."},"content":{"rendered":"\n<h3 class=\"wp-block-heading\">Waar zorg en innovatie elkaar ontmoeten &amp; versterken &#8211; 04\/12\/2026 Antwerpen<\/h3>\n\n\n\n<p>Vooruitgang vraagt om ontmoeting. Niet in silo&rsquo;s. Niet vanuit \u00e9\u00e9n domein. Wel daar waar mensen, idee\u00ebn en praktijk elkaar \u00e9cht kruisen.<\/p>\n\n\n\n<p><strong>ENTR.<\/strong> brengt het In4Care-ecosysteem samen rond wat vandaag telt in zorg &amp; welzijn: samenwerken, delen wat werkt en bruggen bouwen tussen sectoren, organisaties en perspectieven.<\/p>\n\n\n\n<p>Dit is geen klassiek event. Dit is een <strong>belevenis<\/strong> voor wie verantwoordelijkheid neemt voor vooruitgang. <strong>Enkel In4Care-leden<\/strong> kunnen nu reeds hun gratis ticket bemachtigen. Overweeg je een lidmaatschap? Lees <a href=\"https:\/\/www.in4care.be\/lidmaatschap\/\" data-type=\"page\" data-id=\"194\">hier<\/a> meer over de voordelen.<\/p>\n\n\n\n<div class=\"wp-block-buttons is-layout-flex wp-block-buttons-is-layout-flex\">\n<div class=\"wp-block-button\"><a class=\"wp-block-button__link wp-element-button\" href=\"#inschrijven\">Ik schrijf me in<\/a><\/div>\n<\/div>\n\n\n\n<div class=\"wp-block-media-text alignwide is-stacked-on-mobile is-image-fill-element\"><figure class=\"wp-block-media-text__media\"><img loading=\"lazy\" decoding=\"async\" width=\"1024\" height=\"576\" src=\"http:\/\/www.in4care.be\/wp-content\/uploads\/2026\/02\/ENTR.-master-landscape-2-1024x576.png\" alt=\"\" class=\"wp-image-1803 size-full\" style=\"object-position:50% 50%\" srcset=\"https:\/\/www.in4care.be\/wp-content\/uploads\/2026\/02\/ENTR.-master-landscape-2-1024x576.png 1024w, https:\/\/www.in4care.be\/wp-content\/uploads\/2026\/02\/ENTR.-master-landscape-2-300x169.png 300w, https:\/\/www.in4care.be\/wp-content\/uploads\/2026\/02\/ENTR.-master-landscape-2-768x432.png 768w, https:\/\/www.in4care.be\/wp-content\/uploads\/2026\/02\/ENTR.-master-landscape-2-1536x864.png 1536w, https:\/\/www.in4care.be\/wp-content\/uploads\/2026\/02\/ENTR.-master-landscape-2.png 1600w\" sizes=\"auto, (max-width: 1024px) 100vw, 1024px\" \/><\/figure><div class=\"wp-block-media-text__content\">\n<h2 class=\"wp-block-heading\">Wat is ENTR.? <\/h2>\n\n\n\n<p><strong>ENTR.<\/strong> staat voor binnenstappen. In gesprekken die ertoe doen. <\/p>\n\n\n\n<p>In samenwerkingen die verder gaan dan likes op LinkedIn.<br>In oplossingen die vertrekken vanuit de realiteit van zorg &amp; welzijn.<\/p>\n\n\n\n<p>Op 4 december komen zorgorganisaties, bedrijven, innovators en partners samen in Antwerpen, niet om te kijken, maar om te <strong>ontmoeten, uit te wisselen en te verbinden<\/strong>.<\/p>\n<\/div><\/div>\n\n\n\n<div class=\"wp-block-media-text alignfull has-media-on-the-right is-stacked-on-mobile is-image-fill-element\"><div class=\"wp-block-media-text__content\">\n<h2 class=\"wp-block-heading\">Wat je hier beleeft?<\/h2>\n\n\n\n<ul class=\"wp-block-list\">\n<li><strong>ENTR. STAGES<\/strong>\n<ul class=\"wp-block-list\">\n<li>Meerdere stages, elk met een eigen focus. <\/li>\n\n\n\n<li>Geen keynote-marathon. Wel doordachte performances die blijven hangen.<\/li>\n<\/ul>\n<\/li>\n\n\n\n<li><strong>ENTR. TALKS<\/strong>\n<ul class=\"wp-block-list\">\n<li>Talks van sprekers die het zorglandschap kennen, bevragen en uitdagen. De eerste namen vind je onder het programma. More to be announced.<\/li>\n<\/ul>\n<\/li>\n\n\n\n<li><strong>ENTR. SHOWCASES<\/strong>\n<ul class=\"wp-block-list\">\n<li>Een gecureerde selectie van innovaties, zorgvindingen en oplossingen.<\/li>\n\n\n\n<li>Wat hier getoond wordt, werkt vandaag al &#8211; of staat klaar om opgeschaald te worden.<\/li>\n<\/ul>\n<\/li>\n<\/ul>\n\n\n\n<ul class=\"wp-block-list\">\n<li><strong>ENTR. CONNECTIONS<\/strong>\n<ul class=\"wp-block-list\">\n<li>Ruimte om elkaar te ontmoeten. Over organisaties, sectoren en rollen heen.<\/li>\n\n\n\n<li>Netwerkzones om samenwerkingen te exploreren of gewoon even uit te blazen.<\/li>\n<\/ul>\n<\/li>\n\n\n\n<li><strong>ENTR. HEALTHY REFUEL<\/strong>\n<ul class=\"wp-block-list\">\n<li>Beweging, ervaringen en <strong>healthy food &amp; drinks<\/strong> die je scherp houden,  de hele dag door.<\/li>\n<\/ul>\n<\/li>\n<\/ul>\n<\/div><figure class=\"wp-block-media-text__media\"><img loading=\"lazy\" decoding=\"async\" width=\"1024\" height=\"576\" src=\"http:\/\/www.in4care.be\/wp-content\/uploads\/2025\/11\/DSC09867-1-1024x576.jpg\" alt=\"\" class=\"wp-image-1260 size-full\" style=\"object-position:50% 50%\" srcset=\"https:\/\/www.in4care.be\/wp-content\/uploads\/2025\/11\/DSC09867-1-1024x576.jpg 1024w, https:\/\/www.in4care.be\/wp-content\/uploads\/2025\/11\/DSC09867-1-300x169.jpg 300w, https:\/\/www.in4care.be\/wp-content\/uploads\/2025\/11\/DSC09867-1-768x432.jpg 768w, https:\/\/www.in4care.be\/wp-content\/uploads\/2025\/11\/DSC09867-1-1536x864.jpg 1536w, https:\/\/www.in4care.be\/wp-content\/uploads\/2025\/11\/DSC09867-1-2048x1152.jpg 2048w\" sizes=\"auto, (max-width: 1024px) 100vw, 1024px\" \/><\/figure><\/div>\n\n\n\n<div class=\"wp-block-media-text alignfull is-stacked-on-mobile is-image-fill-element\"><figure class=\"wp-block-media-text__media\"><img loading=\"lazy\" decoding=\"async\" width=\"1024\" height=\"523\" src=\"http:\/\/www.in4care.be\/wp-content\/uploads\/2025\/11\/lid-worden-1-1024x523.jpg\" alt=\"\" class=\"wp-image-1254 size-full\" style=\"object-position:50% 50%\" srcset=\"https:\/\/www.in4care.be\/wp-content\/uploads\/2025\/11\/lid-worden-1-1024x523.jpg 1024w, https:\/\/www.in4care.be\/wp-content\/uploads\/2025\/11\/lid-worden-1-300x153.jpg 300w, https:\/\/www.in4care.be\/wp-content\/uploads\/2025\/11\/lid-worden-1-768x392.jpg 768w, https:\/\/www.in4care.be\/wp-content\/uploads\/2025\/11\/lid-worden-1-1536x784.jpg 1536w, https:\/\/www.in4care.be\/wp-content\/uploads\/2025\/11\/lid-worden-1.jpg 1600w\" sizes=\"auto, (max-width: 1024px) 100vw, 1024px\" \/><\/figure><div class=\"wp-block-media-text__content\">\n<h2 class=\"wp-block-heading\">Voor wie?<\/h2>\n\n\n\n<p>Voor iedereen die mee richting geeft aan zorg &amp; welzijn:<\/p>\n\n\n\n<ul class=\"wp-block-list\">\n<li>zorgorganisaties<\/li>\n\n\n\n<li>bedrijven en startups<\/li>\n\n\n\n<li>kennisinstellingen<\/li>\n\n\n\n<li>beleids- en ecosysteemspelers<\/li>\n<\/ul>\n\n\n\n<p>Of je nu bouwt, beslist, implementeert of verbindt  &#8211; je bent welkom!<\/p>\n<\/div><\/div>\n\n\n\n<div class=\"wp-block-columns are-vertically-aligned-top is-layout-flex wp-container-core-columns-is-layout-28f84493 wp-block-columns-is-layout-flex\" id=\"inschrijven\">\n<div class=\"wp-block-column is-vertically-aligned-top is-layout-flow wp-block-column-is-layout-flow\" style=\"flex-basis:100%\">\n<h2 class=\"wp-block-heading\">Praktisch<\/h2>\n\n\n\n<ul class=\"wp-block-list\">\n<li>Antwerpen<\/li>\n\n\n\n<li>Vrijdag 04\/12\/2026<\/li>\n\n\n\n<li>Pre-registratie is voorlopig enkel open voor In4Care-leden. Niet-leden zullen later ook kunnen registreren.<\/li>\n\n\n\n<li>Interesse in een plaatsje op onze <strong>showcase-zone<\/strong>? Meld je <a href=\"mailto:cedric.bourda@in4care.be\">hier<\/a> aan. Selectie volgt op een later tijdstip.<\/li>\n\n\n\n<li>Nog vragen? Contacteer onze Eventmanager <a href=\"mailto:cedric.bourda@in4care.be\">Cedric Bourda <\/a><\/li>\n\n\n\n<li>Conform onze <a href=\"https:\/\/www.in4care.be\/algemene-voorwaarden\/\">algemene voorwaarden (art. 15) <\/a>wordt bij laattijdig annuleren \u20ac70 excl. BTW \u00ab\u00a0no-showfee\u00a0\u00bb aangerekend.<\/li>\n<\/ul>\n<\/div>\n\n\n\n<div class=\"wp-block-column is-vertically-aligned-top is-layout-flow wp-block-column-is-layout-flow\" style=\"flex-basis:100%\">\n<iframe style=\"width: 100%; height: 750px;\" src=\"https:\/\/meeting.teamleader.eu\/embed\/form\/in4care-vzw\/pre-registraties-entr-future-health\/\" frameborder=\"0\"><\/iframe>\n<\/div>\n<\/div>\n\n\n\n<div class=\"wp-block-group alignfull has-global-padding is-layout-constrained wp-container-core-group-is-layout-9b16404c wp-block-group-is-layout-constrained\" style=\"padding-top:var(--wp--preset--spacing--48-32);padding-right:0;padding-bottom:var(--wp--preset--spacing--160-80);padding-left:0\">\n<div class=\"wp-block-group timeslots-wrapper wp-container-content-c9763a5f has-global-padding is-layout-constrained wp-container-core-group-is-layout-f7a2b0a2 wp-block-group-is-layout-constrained\">\n<div class=\"wp-block-group has-global-padding is-layout-constrained wp-block-group-is-layout-constrained\">\n<h2 class=\"wp-block-heading\">Programma<\/h2>\n<\/div>\n\n\n\n<p>Volgende sprekers bevestigden reeds hun aanwezigheid.  Timings en het volledige programma volgt later.<\/p>\n\n\n\n<ul class=\"wp-block-list\">\n<li><a href=\"https:\/\/www.linkedin.com\/in\/luc-van-gorp-63671421\/\" target=\"_blank\" rel=\"noopener\"><strong>Luc Van Gorp<\/strong> <\/a>&#8211; Voorzitter, CM<\/li>\n\n\n\n<li><strong><a href=\"https:\/\/www.linkedin.com\/in\/joachimdevos\/\" target=\"_blank\" rel=\"noopener\">Joachim De Vos<\/a><\/strong> &#8211; CEO, Living Tomorrow<\/li>\n\n\n\n<li><strong><a href=\"https:\/\/www.linkedin.com\/in\/lucienengelen\/\" target=\"_blank\" rel=\"noopener\">Lucien Engelen<\/a><\/strong> &#8211; CEO, Transform.Health<\/li>\n\n\n\n<li><strong><a href=\"https:\/\/www.linkedin.com\/in\/koenkas\/\" target=\"_blank\" rel=\"noopener\">Koen Kas<\/a><\/strong> &#8211; Health futurist &amp; auteur<\/li>\n\n\n\n<li><strong><a href=\"https:\/\/www.linkedin.com\/in\/stijn-ilsen-13106b6\/\" target=\"_blank\" rel=\"noopener\">Stijn Ilsen<\/a><\/strong> -Senior Satellite Engineer, Redwire Space<\/li>\n\n\n\n<li><a href=\"https:\/\/www.linkedin.com\/in\/giannifaelens\/\" target=\"_blank\" rel=\"noopener\"><strong>Gianni Faelens<\/strong><\/a> &#8211; Huisarts, sportarts &amp; auteur<\/li>\n\n\n\n<li><a href=\"https:\/\/www.linkedin.com\/in\/samproesmans\/\" target=\"_blank\" rel=\"noopener\"><strong>Sam Proesmans<\/strong><\/a> &#8211; Spoedarts, Medisch directeur, public health expert<\/li>\n\n\n\n<li><strong><a href=\"https:\/\/www.linkedin.com\/in\/katrien-de-vusser-431b66314\/\" target=\"_blank\" rel=\"noopener\">Katrien De Vusser<\/a><\/strong> &#8211; Nefrologe, Professor, Preventie en longevity geneeskunde<\/li>\n\n\n\n<li><strong><a href=\"https:\/\/www.linkedin.com\/in\/frederik-van-lierde-82025a42\/\" target=\"_blank\" rel=\"noopener\">Frederik Van Lierde<\/a><\/strong> &#8211; Ironman World Champion 2013 &#8211; Manager Topsport Belgian Defence &#8211; Ambassador Monte Marcella<\/li>\n<\/ul>\n<\/div>\n<\/div>\n","protected":false},"excerpt":{"rendered":"<p>Waar zorg en innovatie elkaar ontmoeten &amp; versterken &#8211; 04\/12\/2026 Antwerpen Vooruitgang vraagt om ontmoeting. Niet in silo&rsquo;s. Niet vanuit \u00e9\u00e9n domein. Wel daar waar mensen, idee\u00ebn en praktijk elkaar \u00e9cht kruisen. ENTR. brengt het In4Care-ecosysteem samen rond wat vandaag telt in zorg &amp; welzijn: samenwerken, delen wat werkt en bruggen bouwen tussen sectoren, organisaties [&hellip;]<\/p>\n","protected":false},"featured_media":1803,"template":"","provincie":[36],"class_list":["post-1788","evenement","type-evenement","status-publish","has-post-thumbnail","hentry","provincie-antwerpen"],"acf":[],"_links":{"self":[{"href":"https:\/\/www.in4care.be\/fr\/wp-json\/wp\/v2\/evenement\/1788","targetHints":{"allow":["GET"]}}],"collection":[{"href":"https:\/\/www.in4care.be\/fr\/wp-json\/wp\/v2\/evenement"}],"about":[{"href":"https:\/\/www.in4care.be\/fr\/wp-json\/wp\/v2\/types\/evenement"}],"version-history":[{"count":28,"href":"https:\/\/www.in4care.be\/fr\/wp-json\/wp\/v2\/evenement\/1788\/revisions"}],"predecessor-version":[{"id":2073,"href":"https:\/\/www.in4care.be\/fr\/wp-json\/wp\/v2\/evenement\/1788\/revisions\/2073"}],"wp:featuredmedia":[{"embeddable":true,"href":"https:\/\/www.in4care.be\/fr\/wp-json\/wp\/v2\/media\/1803"}],"wp:attachment":[{"href":"https:\/\/www.in4care.be\/fr\/wp-json\/wp\/v2\/media?parent=1788"}],"wp:term":[{"taxonomy":"provincie","embeddable":true,"href":"https:\/\/www.in4care.be\/fr\/wp-json\/wp\/v2\/provincie?post=1788"}],"curies":[{"name":"wp","href":"https:\/\/api.w.org\/{rel}","templated":true}]}}